{"id":271,"date":"2024-03-05T14:42:34","date_gmt":"2024-03-05T14:42:34","guid":{"rendered":"https:\/\/bukovoda.hsro.hu\/?page_id=271"},"modified":"2024-08-01T07:49:00","modified_gmt":"2024-08-01T07:49:00","slug":"aktualitasok-2","status":"publish","type":"page","link":"https:\/\/bukovoda.hu\/?page_id=271","title":{"rendered":"H\u00edrek"},"content":{"rendered":"\n\n<div id=\"cv-list-post-layout\" class=\"block-50ebad02-08cb-4aac-9652-800db2dc6dbe cv-block cv-block-list--layout-three\">    <div class=\"cv-post-wrapper cv-post--imagemargin column--one\">\r\n                        <article post-id=\"post-1975\" class=\"cv-post post-format--standard\" itemscope itemtype=\"http:\/\/schema.org\/articleBody\">\r\n                    <div class=\"cv-post-left-wrap\">\r\n                        <div class=\"cv-post-thumb\">\r\n                            <a href=\"https:\/\/bukovoda.hu\/?p=1975\"><img decoding=\"async\" src=\"https:\/\/bukovoda.hu\/wp-content\/plugins\/wp-blog-post-layouts\/includes\/assets\/images\/image.jpg\" alt=\"2026 -os beiratkoz\u00e1ssal kapcsolatos inform\u00e1ci\u00f3k\"\/><\/a>\r\n                            <div class=\"cv-post-date\" itemprop=\"datePublished\"><a href=\"https:\/\/bukovoda.hu\/?p=1975\">24 m\u00e1rc<\/a><\/div>                        <\/div>\r\n                    <\/div><!-- .cv-post-left-wrap -->\r\n                    <div class=\"cv-post-right-wrap\">\r\n                         \r\n                        <h2 class=\"cv-post-title\">\r\n                            <a href=\"https:\/\/bukovoda.hu\/?p=1975\" target=\"_self\">\r\n                                2026 -os beiratkoz\u00e1ssal kapcsolatos inform\u00e1ci\u00f3k                            <\/a>\r\n                        <\/h2>\r\n                        <div class=\"cv-post-content\" itemprop=\"description\">Tisztelt Sz\u00fcl\u0151k! Az idei beiratkoz\u00e1ssal kapcsolatos f\u0151bb inform\u00e1ci\u00f3k az al\u00e1bbiak.<\/div><div class=\"cv-read-more\"><a href=https:\/\/bukovoda.hu\/?p=1975>Tov\u00e1bb<i class=\"fas fa-arrow-right\"><\/i><\/a><\/div>\r\n                        <div class=\"cv-post-meta cv-meta-icon-show\">\r\n                                                    <\/div>\r\n                    <\/div><!-- .cv-post-right-wrap -->\r\n                <\/article>\r\n                        <article post-id=\"post-1825\" class=\"cv-post post-format--standard\" itemscope itemtype=\"http:\/\/schema.org\/articleBody\">\r\n                    <div class=\"cv-post-left-wrap\">\r\n                        <div class=\"cv-post-thumb\">\r\n                            <a href=\"https:\/\/bukovoda.hu\/?p=1825\"><img decoding=\"async\" src=\"https:\/\/bukovoda.hu\/wp-content\/plugins\/wp-blog-post-layouts\/includes\/assets\/images\/image.jpg\" alt=\"T\u00e9r\u00edt\u00e9si d\u00edj emel\u00e9s 2026. janu\u00e1r 1-t\u0151l\"\/><\/a>\r\n                            <div class=\"cv-post-date\" itemprop=\"datePublished\"><a href=\"https:\/\/bukovoda.hu\/?p=1825\">12 dec<\/a><\/div>                        <\/div>\r\n                    <\/div><!-- .cv-post-left-wrap -->\r\n                    <div class=\"cv-post-right-wrap\">\r\n                         \r\n                        <h2 class=\"cv-post-title\">\r\n                            <a href=\"https:\/\/bukovoda.hu\/?p=1825\" target=\"_self\">\r\n                                T\u00e9r\u00edt\u00e9si d\u00edj emel\u00e9s 2026. janu\u00e1r 1-t\u0151l                            <\/a>\r\n                        <\/h2>\r\n                        <div class=\"cv-post-content\" itemprop=\"description\">Tisztelettel \u00e9rtes\u00edtj\u00fck az \u00e9tkez\u0151inket, hogy B\u00fck V\u00e1ros K\u00e9pvisel\u0151-test\u00fclet\u00e9nek hat\u00e1rozata alapj\u00e1n 2026. janu\u00e1r 1-t\u0151l a t\u00e9r\u00edt\u00e9si d\u00edjak az al\u00e1bbiak szerint m\u00f3dosulnak.<\/div><div class=\"cv-read-more\"><a href=https:\/\/bukovoda.hu\/?p=1825>Tov\u00e1bb<i class=\"fas fa-arrow-right\"><\/i><\/a><\/div>\r\n                        <div class=\"cv-post-meta cv-meta-icon-show\">\r\n                                                    <\/div>\r\n                    <\/div><!-- .cv-post-right-wrap -->\r\n                <\/article>\r\n                        <article post-id=\"post-1684\" class=\"cv-post post-format--standard\" itemscope itemtype=\"http:\/\/schema.org\/articleBody\">\r\n                    <div class=\"cv-post-left-wrap\">\r\n                        <div class=\"cv-post-thumb\">\r\n                            <a href=\"https:\/\/bukovoda.hu\/?p=1684\"><img decoding=\"async\" src=\"https:\/\/bukovoda.hu\/wp-content\/plugins\/wp-blog-post-layouts\/includes\/assets\/images\/image.jpg\" alt=\"T\u00e9r\u00edt\u00e9si d\u00edj emel\u00e9s november 1-t\u0151l\"\/><\/a>\r\n                            <div class=\"cv-post-date\" itemprop=\"datePublished\"><a href=\"https:\/\/bukovoda.hu\/?p=1684\">22 okt<\/a><\/div>                        <\/div>\r\n                    <\/div><!-- .cv-post-left-wrap -->\r\n                    <div class=\"cv-post-right-wrap\">\r\n                         \r\n                        <h2 class=\"cv-post-title\">\r\n                            <a href=\"https:\/\/bukovoda.hu\/?p=1684\" target=\"_self\">\r\n                                T\u00e9r\u00edt\u00e9si d\u00edj emel\u00e9s november 1-t\u0151l                            <\/a>\r\n                        <\/h2>\r\n                        <div class=\"cv-post-content\" itemprop=\"description\">Tisztelettel \u00e9rtes\u00edtj\u00fck a Vend\u00e9g\u00e9tkez\u0151ket, hogy B\u00fck V\u00e1ros K\u00e9pvisel\u0151-test\u00fclet\u00e9nek hat\u00e1rozata alapj\u00e1n 2025. november 1-t\u0151l a vend\u00e9g\u00e9tkez\u0151i t\u00e9r\u00edt\u00e9si d\u00edj Br. 2155,- Ft.<\/div><div class=\"cv-read-more\"><a href=https:\/\/bukovoda.hu\/?p=1684>Tov\u00e1bb<i class=\"fas fa-arrow-right\"><\/i><\/a><\/div>\r\n                        <div class=\"cv-post-meta cv-meta-icon-show\">\r\n                                                    <\/div>\r\n                    <\/div><!-- .cv-post-right-wrap -->\r\n                <\/article>\r\n                        <article post-id=\"post-1533\" class=\"cv-post post-format--standard\" itemscope itemtype=\"http:\/\/schema.org\/articleBody\">\r\n                    <div class=\"cv-post-left-wrap\">\r\n                        <div class=\"cv-post-thumb\">\r\n                            <a href=\"https:\/\/bukovoda.hu\/?p=1533\"><img decoding=\"async\" src=\"https:\/\/bukovoda.hu\/wp-content\/plugins\/wp-blog-post-layouts\/includes\/assets\/images\/image.jpg\" alt=\"K\u00f6zlem\u00e9ny \u00f3vodakezd\u00e9si \u00e9s b\u00f6lcs\u0151dekezd\u00e9si t\u00e1mogat\u00e1sr\u00f3l\"\/><\/a>\r\n                            <div class=\"cv-post-date\" itemprop=\"datePublished\"><a href=\"https:\/\/bukovoda.hu\/?p=1533\">24 j\u00fal<\/a><\/div>                        <\/div>\r\n                    <\/div><!-- .cv-post-left-wrap -->\r\n                    <div class=\"cv-post-right-wrap\">\r\n                         \r\n                        <h2 class=\"cv-post-title\">\r\n                            <a href=\"https:\/\/bukovoda.hu\/?p=1533\" target=\"_self\">\r\n                                K\u00f6zlem\u00e9ny \u00f3vodakezd\u00e9si \u00e9s b\u00f6lcs\u0151dekezd\u00e9si t\u00e1mogat\u00e1sr\u00f3l                            <\/a>\r\n                        <\/h2>\r\n                        <div class=\"cv-post-content\" itemprop=\"description\">B\u00fck V\u00e1ros \u00d6nkorm\u00e1nyzat K\u00e9pvisel\u0151-test\u00fclete a gyermekj\u00f3l\u00e9ti alapell\u00e1t\u00e1sokr\u00f3l, a p\u00e9nzbeli ell\u00e1t\u00e1sokr\u00f3l \u00e9s a szem\u00e9lyes gondoskod\u00e1sr\u00f3l sz\u00f3l\u00f3 9\/2021. (X. 25.) \u00f6nkorm\u00e1nyzati rendelete alapj\u00e1n b\u00f6lcs\u0151dekezd\u00e9si \u00e9s \u00f3vodakezd\u00e9si t\u00e1mogat\u00e1st ny\u00fajt. Tov\u00e1bbi r\u00e9szletek a t\u00e1mogat\u00e1ssal kapcsolatban az al\u00e1bbi dokumentumban olvashat\u00f3k. A t\u00e1mogat\u00e1s ir\u00e1nti k\u00e9relmek az al\u00e1bbi linkek valamelyik\u00e9re kattintva t\u00f6lthet\u0151ek le: B\u00f6lcs\u0151dekezd\u00e9si t\u00e1mogat\u00e1s k\u00e9relem \u00d3vodakezd\u00e9si&hellip;<\/div><div class=\"cv-read-more\"><a href=https:\/\/bukovoda.hu\/?p=1533>Tov\u00e1bb<i class=\"fas fa-arrow-right\"><\/i><\/a><\/div>\r\n                        <div class=\"cv-post-meta cv-meta-icon-show\">\r\n                                                    <\/div>\r\n                    <\/div><!-- .cv-post-right-wrap -->\r\n                <\/article>\r\n                        <article post-id=\"post-1501\" class=\"cv-post post-format--standard\" itemscope itemtype=\"http:\/\/schema.org\/articleBody\">\r\n                    <div class=\"cv-post-left-wrap\">\r\n                        <div class=\"cv-post-thumb\">\r\n                            <a href=\"https:\/\/bukovoda.hu\/?p=1501\"><img decoding=\"async\" src=\"https:\/\/bukovoda.hu\/wp-content\/plugins\/wp-blog-post-layouts\/includes\/assets\/images\/image.jpg\" alt=\"Sz\u00fcl\u0151i \u00e9rtekezlet\"\/><\/a>\r\n                            <div class=\"cv-post-date\" itemprop=\"datePublished\"><a href=\"https:\/\/bukovoda.hu\/?p=1501\">08 j\u00fal<\/a><\/div>                        <\/div>\r\n                    <\/div><!-- .cv-post-left-wrap -->\r\n                    <div class=\"cv-post-right-wrap\">\r\n                         \r\n                        <h2 class=\"cv-post-title\">\r\n                            <a href=\"https:\/\/bukovoda.hu\/?p=1501\" target=\"_self\">\r\n                                Sz\u00fcl\u0151i \u00e9rtekezlet                            <\/a>\r\n                        <\/h2>\r\n                        <div class=\"cv-post-content\" itemprop=\"description\">Szeretettel megh\u00edvjuk a 2025\/2026-os nevel\u00e9si \u00e9vben b\u00f6lcs\u0151d\u00e9be j\u00e1r\u00f3 gyermekek sz\u00fcleit a Csodaorsz\u00e1g \u00d3voda, B\u00f6lcs\u0151de \u00e9s K\u00f6z\u00e9tkeztet\u00e9st Ell\u00e1t\u00f3 Int\u00e9zm\u00e9ny 2025. 08.12-\u00e9n 16:00 \u00f3rakor kezd\u0151d\u0151 sz\u00fcl\u0151i \u00e9rtekezlet\u00e9re. T\u00e9ma:A b\u00f6lcs\u0151de bemutat\u00e1sa, a gyermekek csoportbeoszt\u00e1sa, a b\u00f6lcs\u0151dekezd\u00e9s \u00e1ltal\u00e1nos tudnival\u00f3i, \u00e9s a h\u00e1zirend ismertet\u00e9se.Az \u00f6sszevont sz\u00fcl\u0151i \u00e9rtekezlet ut\u00e1n, a kisgyermeknevel\u0151k r\u00f6vid t\u00e1j\u00e9koztat\u00e1st ny\u00fajtanak a beszoktat\u00e1s&hellip;<\/div><div class=\"cv-read-more\"><a href=https:\/\/bukovoda.hu\/?p=1501>Tov\u00e1bb<i class=\"fas fa-arrow-right\"><\/i><\/a><\/div>\r\n                        <div class=\"cv-post-meta cv-meta-icon-show\">\r\n                                                    <\/div>\r\n                    <\/div><!-- .cv-post-right-wrap -->\r\n                <\/article>\r\n                        <article post-id=\"post-1462\" class=\"cv-post post-format--standard\" itemscope itemtype=\"http:\/\/schema.org\/articleBody\">\r\n                    <div class=\"cv-post-left-wrap\">\r\n                        <div class=\"cv-post-thumb\">\r\n                            <a href=\"https:\/\/bukovoda.hu\/?p=1462\"><img decoding=\"async\" src=\"https:\/\/bukovoda.hu\/wp-content\/plugins\/wp-blog-post-layouts\/includes\/assets\/images\/image.jpg\" alt=\"Zeneiskolai beiratkoz\u00e1s 2025\/26-os tan\u00e9vre\"\/><\/a>\r\n                            <div class=\"cv-post-date\" itemprop=\"datePublished\"><a href=\"https:\/\/bukovoda.hu\/?p=1462\">11 j\u00fan<\/a><\/div>                        <\/div>\r\n                    <\/div><!-- .cv-post-left-wrap -->\r\n                    <div class=\"cv-post-right-wrap\">\r\n                         \r\n                        <h2 class=\"cv-post-title\">\r\n                            <a href=\"https:\/\/bukovoda.hu\/?p=1462\" target=\"_self\">\r\n                                Zeneiskolai beiratkoz\u00e1s 2025\/26-os tan\u00e9vre                            <\/a>\r\n                        <\/h2>\r\n                        <div class=\"cv-post-content\" itemprop=\"description\">Szeretettel v\u00e1rjuk a b\u00fcki, csepregi \u00e9s k\u00f6rny\u00e9kbeli zene ir\u00e1nt \u00e9rdekl\u0151d\u0151 fiatalokat zene iskol\u00e1nkba, ahol lelkes zenetan\u00e1rok ir\u00e1ny\u00edt\u00e1s\u00e1val, j\u00f3 t\u00e1rgyi felt\u00e9telek mellett csal\u00e1dias l\u00e9gk\u00f6rben kezdhetik meg zenei tanulm\u00e1nyaikat! R\u00e9szletek a mell\u00e9kelt plak\u00e1ton!<\/div><div class=\"cv-read-more\"><a href=https:\/\/bukovoda.hu\/?p=1462>Tov\u00e1bb<i class=\"fas fa-arrow-right\"><\/i><\/a><\/div>\r\n                        <div class=\"cv-post-meta cv-meta-icon-show\">\r\n                                                    <\/div>\r\n                    <\/div><!-- .cv-post-right-wrap -->\r\n                <\/article>\r\n                        <article post-id=\"post-1231\" class=\"cv-post post-format--standard\" itemscope itemtype=\"http:\/\/schema.org\/articleBody\">\r\n                    <div class=\"cv-post-left-wrap\">\r\n                        <div class=\"cv-post-thumb\">\r\n                            <a href=\"https:\/\/bukovoda.hu\/?p=1231\"><img decoding=\"async\" src=\"https:\/\/bukovoda.hu\/wp-content\/plugins\/wp-blog-post-layouts\/includes\/assets\/images\/image.jpg\" alt=\"Hamarosan indul az \u00f3vodai \u00e9s b\u00f6lcs\u0151dei beiratkoz\u00e1s\"\/><\/a>\r\n                            <div class=\"cv-post-date\" itemprop=\"datePublished\"><a href=\"https:\/\/bukovoda.hu\/?p=1231\">25 m\u00e1rc<\/a><\/div>                        <\/div>\r\n                    <\/div><!-- .cv-post-left-wrap -->\r\n                    <div class=\"cv-post-right-wrap\">\r\n                         \r\n                        <h2 class=\"cv-post-title\">\r\n                            <a href=\"https:\/\/bukovoda.hu\/?p=1231\" target=\"_self\">\r\n                                Hamarosan indul az \u00f3vodai \u00e9s b\u00f6lcs\u0151dei beiratkoz\u00e1s                            <\/a>\r\n                        <\/h2>\r\n                        <div class=\"cv-post-content\" itemprop=\"description\">Tisztelt Sz\u00fcl\u0151k! Hamarosan el\u00e9rkezik a beiratkoz\u00e1s ideje a Csodaorsz\u00e1g \u00d3voda, B\u00f6lcs\u0151de \u00e9s K\u00f6z\u00e9tkeztet\u00e9st Ell\u00e1t\u00f3 Int\u00e9zm\u00e9nyben! Id\u0151pont: 2025. \u00e1prilis 28-29. 08:00-15:00Helysz\u00edn: 9737 B\u00fck, Sz\u00e9chenyi u. 23. Tov\u00e1bbi r\u00e9szletek az \u00f3vodai beiratkoz\u00e1sr\u00f3l az \u00d3voda\/Beiratkoz\u00e1s aloldalon, m\u00edg a b\u00f6lcs\u0151dei beiratkoz\u00e1sr\u00f3l a B\u00f6lcs\u0151de\/Beiratkoz\u00e1s aloldalon l\u00e9v\u0151 t\u00e1j\u00e9koztat\u00f3kban olvashat\u00f3k.<\/div><div class=\"cv-read-more\"><a href=https:\/\/bukovoda.hu\/?p=1231>Tov\u00e1bb<i class=\"fas fa-arrow-right\"><\/i><\/a><\/div>\r\n                        <div class=\"cv-post-meta cv-meta-icon-show\">\r\n                                                    <\/div>\r\n                    <\/div><!-- .cv-post-right-wrap -->\r\n                <\/article>\r\n                        <article post-id=\"post-864\" class=\"cv-post post-format--standard\" itemscope itemtype=\"http:\/\/schema.org\/articleBody\">\r\n                    <div class=\"cv-post-left-wrap\">\r\n                        <div class=\"cv-post-thumb\">\r\n                            <a href=\"https:\/\/bukovoda.hu\/?p=864\"><img decoding=\"async\" src=\"https:\/\/bukovoda.hu\/wp-content\/plugins\/wp-blog-post-layouts\/includes\/assets\/images\/image.jpg\" alt=\"Z\u00e1rva tart\u00e1s okt\u00f3ber 28-\u00e1n\"\/><\/a>\r\n                            <div class=\"cv-post-date\" itemprop=\"datePublished\"><a href=\"https:\/\/bukovoda.hu\/?p=864\">25 okt<\/a><\/div>                        <\/div>\r\n                    <\/div><!-- .cv-post-left-wrap -->\r\n                    <div class=\"cv-post-right-wrap\">\r\n                         \r\n                        <h2 class=\"cv-post-title\">\r\n                            <a href=\"https:\/\/bukovoda.hu\/?p=864\" target=\"_self\">\r\n                                Z\u00e1rva tart\u00e1s okt\u00f3ber 28-\u00e1n                            <\/a>\r\n                        <\/h2>\r\n                        <div class=\"cv-post-content\" itemprop=\"description\">2024.10.28-\u00e1n az int\u00e9zm\u00e9nyben nevel\u00e9s n\u00e9lk\u00fcli napot tartunk.Nevel\u00e9si napunk t\u00e9m\u00e1ja: els\u0151seg\u00e9lyny\u00fajt\u00f3 ismeretek, gyermek balesetek ell\u00e1t\u00e1sa a ment\u0151szolg\u00e1lat el\u0151ad\u00e1s\u00e1ban.Ezen a napon \u00f3vod\u00e1nk z\u00e1rva tart a gyermekek sz\u00e1m\u00e1ra.K\u00f6sz\u00f6nj\u00fck sz\u00e9pen, hogy gyermek\u00fck fel\u00fcgyelet\u00e9t megoldva t\u00e1mogatj\u00e1k a szakmai nap megval\u00f3sul\u00e1s\u00e1t valamennyi dolgoz\u00f3 sz\u00e1m\u00e1ra.Ha valakinek fel\u00fcgyeletre van sz\u00fcks\u00e9ge \u00e9s nem tudja megoldani, k\u00e9rj\u00fck jelezze a vezet\u0151i&hellip;<\/div><div class=\"cv-read-more\"><a href=https:\/\/bukovoda.hu\/?p=864>Tov\u00e1bb<i class=\"fas fa-arrow-right\"><\/i><\/a><\/div>\r\n                        <div class=\"cv-post-meta cv-meta-icon-show\">\r\n                                                    <\/div>\r\n                    <\/div><!-- .cv-post-right-wrap -->\r\n                <\/article>\r\n                        <article post-id=\"post-775\" class=\"cv-post post-format--standard\" itemscope itemtype=\"http:\/\/schema.org\/articleBody\">\r\n                    <div class=\"cv-post-left-wrap\">\r\n                        <div class=\"cv-post-thumb\">\r\n                            <a href=\"https:\/\/bukovoda.hu\/?p=775\"><img decoding=\"async\" src=\"https:\/\/bukovoda.hu\/wp-content\/plugins\/wp-blog-post-layouts\/includes\/assets\/images\/image.jpg\" alt=\"K\u00f6zlekedj okosan!\"\/><\/a>\r\n                            <div class=\"cv-post-date\" itemprop=\"datePublished\"><a href=\"https:\/\/bukovoda.hu\/?p=775\">27 szept<\/a><\/div>                        <\/div>\r\n                    <\/div><!-- .cv-post-left-wrap -->\r\n                    <div class=\"cv-post-right-wrap\">\r\n                         \r\n                        <h2 class=\"cv-post-title\">\r\n                            <a href=\"https:\/\/bukovoda.hu\/?p=775\" target=\"_self\">\r\n                                K\u00f6zlekedj okosan!                            <\/a>\r\n                        <\/h2>\r\n                        <div class=\"cv-post-content\" itemprop=\"description\">Tisztelt Sz\u00fcl\u0151k! 2024.09.30 d\u00e9lel\u0151tt k\u00f6zleked\u00e9sbiztons\u00e1gi napot tartunk minden \u00f3vod\u00e1snak a rend\u0151rs\u00e9ggel k\u00f6z\u00f6sen.2024.10.01 d\u00e9lel\u0151tt git\u00e1ros el\u0151ad\u00e1s a nagycsoportos kor\u00fa gyermekeknek. &#8211; Kresz p\u00e1lya (K\u00e9rj\u00fck hozzon minden gyermek biciklit, rollert, motort stb.) &#8211; Interakt\u00edv j\u00e1t\u00e9kok (\u00d3ri\u00e1s kirak\u00f3, puzzle, besz\u00e9lget\u00e9s a rend\u0151rb\u00e1csikkal n\u00e9nikkel) &#8211; Rend\u0151raut\u00f3\/rend\u0151rmotor Fontos tudnival\u00f3: a kresz p\u00e1lya haszn\u00e1lat\u00e1hoz buk\u00f3sisak sz\u00fcks\u00e9ges!<\/div><div class=\"cv-read-more\"><a href=https:\/\/bukovoda.hu\/?p=775>Tov\u00e1bb<i class=\"fas fa-arrow-right\"><\/i><\/a><\/div>\r\n                        <div class=\"cv-post-meta cv-meta-icon-show\">\r\n                                                    <\/div>\r\n                    <\/div><!-- .cv-post-right-wrap -->\r\n                <\/article>\r\n                        <article post-id=\"post-698\" class=\"cv-post post-format--standard\" itemscope itemtype=\"http:\/\/schema.org\/articleBody\">\r\n                    <div class=\"cv-post-left-wrap\">\r\n                        <div class=\"cv-post-thumb\">\r\n                            <a href=\"https:\/\/bukovoda.hu\/?p=698\"><img decoding=\"async\" src=\"https:\/\/bukovoda.hu\/wp-content\/plugins\/wp-blog-post-layouts\/includes\/assets\/images\/image.jpg\" alt=\"Logop\u00e9diai sz\u00fcl\u0151i \u00e9rtekezlet\"\/><\/a>\r\n                            <div class=\"cv-post-date\" itemprop=\"datePublished\"><a href=\"https:\/\/bukovoda.hu\/?p=698\">11 szept<\/a><\/div>                        <\/div>\r\n                    <\/div><!-- .cv-post-left-wrap -->\r\n                    <div class=\"cv-post-right-wrap\">\r\n                         \r\n                        <h2 class=\"cv-post-title\">\r\n                            <a href=\"https:\/\/bukovoda.hu\/?p=698\" target=\"_self\">\r\n                                Logop\u00e9diai sz\u00fcl\u0151i \u00e9rtekezlet                            <\/a>\r\n                        <\/h2>\r\n                        <div class=\"cv-post-content\" itemprop=\"description\">Tisztelt Sz\u00fcl\u0151k! Logop\u00e9diai sz\u00fcl\u0151i \u00e9rtekezletet tartunk 2024. okt\u00f3ber 07-\u00e9n, h\u00e9tf\u0151n 17.00 \u00f3rakor a K\u00f6z\u00f6ss\u00e9gi teremben. A logop\u00e9diai \u00e9rtekezlet t\u00e9m\u00e1ja: Iskola \u00e9retts\u00e9g, a tank\u00f6telezetts\u00e9g felt\u00e9telei, az Oktat\u00e1si Hivatal felment\u00e9si k\u00e9relmei, logop\u00e9diai \u00e9s egy\u00e9b fejleszt\u00e9sek a 2024-25-\u00f6s nevel\u00e9si \u00e9vben. Els\u0151sorban a nagy csoportos kor\u00fa gyermekek sz\u00fcleire sz\u00e1m\u00edtunk, de szeretettel v\u00e1runk minden \u00e9rdekl\u0151d\u0151t!&hellip;<\/div><div class=\"cv-read-more\"><a href=https:\/\/bukovoda.hu\/?p=698>Tov\u00e1bb<i class=\"fas fa-arrow-right\"><\/i><\/a><\/div>\r\n                        <div class=\"cv-post-meta cv-meta-icon-show\">\r\n                                                    <\/div>\r\n                    <\/div><!-- .cv-post-right-wrap -->\r\n                <\/article>\r\n                        <article post-id=\"post-666\" class=\"cv-post post-format--standard\" itemscope itemtype=\"http:\/\/schema.org\/articleBody\">\r\n                    <div class=\"cv-post-left-wrap\">\r\n                        <div class=\"cv-post-thumb\">\r\n                            <a href=\"https:\/\/bukovoda.hu\/?p=666\"><img decoding=\"async\" src=\"https:\/\/bukovoda.hu\/wp-content\/plugins\/wp-blog-post-layouts\/includes\/assets\/images\/image.jpg\" alt=\"T\u00e1j\u00e9koztat\u00f3 a Csodaorsz\u00e1g \u00d3voda, B\u00f6lcs\u0151de \u00e9s K\u00f6z\u00e9tkeztet\u00e9st Ell\u00e1t\u00f3 Int\u00e9zm\u00e9ny ny\u00e1ri z\u00e1rva tart\u00e1s\u00e1r\u00f3l\"\/><\/a>\r\n                            <div class=\"cv-post-date\" itemprop=\"datePublished\"><a href=\"https:\/\/bukovoda.hu\/?p=666\">07 aug<\/a><\/div>                        <\/div>\r\n                    <\/div><!-- .cv-post-left-wrap -->\r\n                    <div class=\"cv-post-right-wrap\">\r\n                         \r\n                        <h2 class=\"cv-post-title\">\r\n                            <a href=\"https:\/\/bukovoda.hu\/?p=666\" target=\"_self\">\r\n                                T\u00e1j\u00e9koztat\u00f3 a Csodaorsz\u00e1g \u00d3voda, B\u00f6lcs\u0151de \u00e9s K\u00f6z\u00e9tkeztet\u00e9st Ell\u00e1t\u00f3 Int\u00e9zm\u00e9ny ny\u00e1ri z\u00e1rva tart\u00e1s\u00e1r\u00f3l                            <\/a>\r\n                        <\/h2>\r\n                        <div class=\"cv-post-content\" itemprop=\"description\">Szeretn\u00e9m t\u00e1j\u00e9koztatni \u00d6n\u00f6ket, hogy int\u00e9zm\u00e9ny\u00fcnk 2024. augusztus 12-31. k\u00f6zt z\u00e1rva tart.A sz\u00fcks\u00e9ges karbantart\u00e1si \u00e9s nagytakar\u00edt\u00e1si munk\u00e1k elv\u00e9gz\u00e9se, valamint a szabads\u00e1gok r\u00e9szbeni kiad\u00e1sa t\u00f6rt\u00e9nik a fenti id\u0151szakban.Ebben az id\u0151szakban a r\u00e1szorul\u00f3 gyermekek sz\u00fcnidei \u00e9tkez\u00e9s\u00e9t biztos\u00edtjuk. 2024. augusztus 31-\u00e9n az int\u00e9zm\u00e9ny Nevel\u0151test\u00fclete \u00e9s Alkalmazotti k\u00f6z\u00f6ss\u00e9ge sz\u00e1m\u00e1ra tan\u00e9vz\u00e1r\u00f3 &#8211; tan\u00e9vnyit\u00f3 \u00e9rtekezlet lesz. (Nevel\u00e9s&hellip;<\/div><div class=\"cv-read-more\"><a href=https:\/\/bukovoda.hu\/?p=666>Tov\u00e1bb<i class=\"fas fa-arrow-right\"><\/i><\/a><\/div>\r\n                        <div class=\"cv-post-meta cv-meta-icon-show\">\r\n                                                    <\/div>\r\n                    <\/div><!-- .cv-post-right-wrap -->\r\n                <\/article>\r\n                        <article post-id=\"post-653\" class=\"cv-post post-format--standard\" itemscope itemtype=\"http:\/\/schema.org\/articleBody\">\r\n                    <div class=\"cv-post-left-wrap\">\r\n                        <div class=\"cv-post-thumb\">\r\n                            <a href=\"https:\/\/bukovoda.hu\/?p=653\"><img decoding=\"async\" src=\"https:\/\/bukovoda.hu\/wp-content\/plugins\/wp-blog-post-layouts\/includes\/assets\/images\/image.jpg\" alt=\"Megh\u00edv\u00e1s \u00f3v\u00f3dai b\u00facs\u00faztat\u00e1sra\"\/><\/a>\r\n                            <div class=\"cv-post-date\" itemprop=\"datePublished\"><a href=\"https:\/\/bukovoda.hu\/?p=653\">02 aug<\/a><\/div>                        <\/div>\r\n                    <\/div><!-- .cv-post-left-wrap -->\r\n                    <div class=\"cv-post-right-wrap\">\r\n                         \r\n                        <h2 class=\"cv-post-title\">\r\n                            <a href=\"https:\/\/bukovoda.hu\/?p=653\" target=\"_self\">\r\n                                Megh\u00edv\u00e1s \u00f3v\u00f3dai b\u00facs\u00faztat\u00e1sra                            <\/a>\r\n                        <\/h2>\r\n                        <div class=\"cv-post-content\" itemprop=\"description\">Kedves Sz\u00fcl\u0151k! Hamarosan elj\u00f6n az a nap, mikor a nagycsoportosainkb\u00f3l iskol\u00e1sok lesznek. \u00d3vod\u00e1saink b\u00facs\u00faj\u00e1t az \u00f3vod\u00e1nkt\u00f3l 2024.08.30 -\u00e1n 9 \u00f3rakor tartjuk, \u00f3vod\u00e1nk udvar\u00e1n, melyre szeretettel v\u00e1runk mindenkit. \u00dcdv\u00f6zlettel,\u00d3vod\u00e1nk dolgoz\u00f3i<\/div><div class=\"cv-read-more\"><a href=https:\/\/bukovoda.hu\/?p=653>Tov\u00e1bb<i class=\"fas fa-arrow-right\"><\/i><\/a><\/div>\r\n                        <div class=\"cv-post-meta cv-meta-icon-show\">\r\n                                                    <\/div>\r\n                    <\/div><!-- .cv-post-right-wrap -->\r\n                <\/article>\r\n            <\/div><\/div>","protected":false},"excerpt":{"rendered":"","protected":false},"author":1,"featured_media":245,"parent":0,"menu_order":1,"comment_status":"closed","ping_status":"closed","template":"elementor_header_footer","meta":{"ngg_post_thumbnail":0,"footnotes":""},"class_list":["post-271","page","type-page","status-publish","has-post-thumbnail","hentry"],"yoast_head":"<!-- This site is optimized with the Yoast SEO plugin v21.9.1 - https:\/\/yoast.com\/wordpress\/plugins\/seo\/ -->\n<title>H\u00edrek - Csodaorsz\u00e1g \u00d3voda, B\u00f6lcs\u0151de \u00e9s K\u00f6z\u00e9tkeztet\u00e9st Ell\u00e1t\u00f3 Int\u00e9zm\u00e9ny<\/title>\n<meta name=\"robots\" content=\"index, follow, max-snippet:-1, max-image-preview:large, max-video-preview:-1\" \/>\n<link rel=\"canonical\" href=\"https:\/\/bukovoda.hu\/?page_id=271\" \/>\n<meta property=\"og:locale\" content=\"hu_HU\" \/>\n<meta property=\"og:type\" content=\"article\" \/>\n<meta property=\"og:title\" content=\"H\u00edrek - Csodaorsz\u00e1g \u00d3voda, B\u00f6lcs\u0151de \u00e9s K\u00f6z\u00e9tkeztet\u00e9st Ell\u00e1t\u00f3 Int\u00e9zm\u00e9ny\" \/>\n<meta property=\"og:url\" content=\"https:\/\/bukovoda.hu\/?page_id=271\" \/>\n<meta property=\"og:site_name\" content=\"Csodaorsz\u00e1g \u00d3voda, B\u00f6lcs\u0151de \u00e9s K\u00f6z\u00e9tkeztet\u00e9st Ell\u00e1t\u00f3 Int\u00e9zm\u00e9ny\" \/>\n<meta property=\"article:modified_time\" content=\"2024-08-01T07:49:00+00:00\" \/>\n<meta property=\"og:image\" content=\"https:\/\/bukovoda.hu\/wp-content\/uploads\/2024\/02\/Artboard-1-copy-5-100-scaled.jpg\" \/>\n\t<meta property=\"og:image:width\" content=\"2560\" \/>\n\t<meta property=\"og:image:height\" content=\"898\" \/>\n\t<meta property=\"og:image:type\" content=\"image\/jpeg\" \/>\n<meta name=\"twitter:card\" content=\"summary_large_image\" \/>\n<meta name=\"twitter:label1\" content=\"Becs\u00fclt olvas\u00e1si id\u0151\" \/>\n\t<meta name=\"twitter:data1\" content=\"1 perc\" \/>\n<script type=\"application\/ld+json\" class=\"yoast-schema-graph\">{\"@context\":\"https:\/\/schema.org\",\"@graph\":[{\"@type\":[\"Article\",\"BlogPosting\"],\"@id\":\"https:\/\/bukovoda.hu\/?page_id=271#article\",\"isPartOf\":{\"@id\":\"https:\/\/bukovoda.hu\/?page_id=271\"},\"author\":{\"name\":\"admin\",\"@id\":\"https:\/\/bukovoda.hu\/#\/schema\/person\/063eb8a6e2220a58a47ec537d3d8d987\"},\"headline\":\"H\u00edrek\",\"datePublished\":\"2024-03-05T14:42:34+00:00\",\"dateModified\":\"2024-08-01T07:49:00+00:00\",\"mainEntityOfPage\":{\"@id\":\"https:\/\/bukovoda.hu\/?page_id=271\"},\"wordCount\":2,\"publisher\":{\"@id\":\"https:\/\/bukovoda.hu\/#organization\"},\"inLanguage\":\"hu\"},{\"@type\":\"WebPage\",\"@id\":\"https:\/\/bukovoda.hu\/?page_id=271\",\"url\":\"https:\/\/bukovoda.hu\/?page_id=271\",\"name\":\"H\u00edrek - Csodaorsz\u00e1g \u00d3voda, B\u00f6lcs\u0151de \u00e9s K\u00f6z\u00e9tkeztet\u00e9st Ell\u00e1t\u00f3 Int\u00e9zm\u00e9ny\",\"isPartOf\":{\"@id\":\"https:\/\/bukovoda.hu\/#website\"},\"datePublished\":\"2024-03-05T14:42:34+00:00\",\"dateModified\":\"2024-08-01T07:49:00+00:00\",\"breadcrumb\":{\"@id\":\"https:\/\/bukovoda.hu\/?page_id=271#breadcrumb\"},\"inLanguage\":\"hu\",\"potentialAction\":[{\"@type\":\"ReadAction\",\"target\":[\"https:\/\/bukovoda.hu\/?page_id=271\"]}]},{\"@type\":\"BreadcrumbList\",\"@id\":\"https:\/\/bukovoda.hu\/?page_id=271#breadcrumb\",\"itemListElement\":[{\"@type\":\"ListItem\",\"position\":1,\"name\":\"Kezd\u0151lap\",\"item\":\"https:\/\/bukovoda.hu\/\"},{\"@type\":\"ListItem\",\"position\":2,\"name\":\"H\u00edrek\"}]},{\"@type\":\"WebSite\",\"@id\":\"https:\/\/bukovoda.hu\/#website\",\"url\":\"https:\/\/bukovoda.hu\/\",\"name\":\"Csodaorsz\u00e1g \u00d3voda, B\u00f6lcs\u0151de \u00e9s K\u00f6z\u00e9tkeztet\u00e9st Ell\u00e1t\u00f3 Int\u00e9zm\u00e9ny\",\"description\":\"\",\"publisher\":{\"@id\":\"https:\/\/bukovoda.hu\/#organization\"},\"potentialAction\":[{\"@type\":\"SearchAction\",\"target\":{\"@type\":\"EntryPoint\",\"urlTemplate\":\"https:\/\/bukovoda.hu\/?s={search_term_string}\"},\"query-input\":\"required name=search_term_string\"}],\"inLanguage\":\"hu\"},{\"@type\":\"Organization\",\"@id\":\"https:\/\/bukovoda.hu\/#organization\",\"name\":\"Csodaorsz\u00e1g \u00d3voda, B\u00f6lcs\u0151de \u00e9s K\u00f6z\u00e9tkeztet\u00e9st Ell\u00e1t\u00f3 Int\u00e9zm\u00e9ny\",\"url\":\"https:\/\/bukovoda.hu\/\",\"logo\":{\"@type\":\"ImageObject\",\"inLanguage\":\"hu\",\"@id\":\"https:\/\/bukovoda.hu\/#\/schema\/logo\/image\/\",\"url\":\"https:\/\/bukovoda.hu\/wp-content\/uploads\/2024\/02\/cropped-cropped-Csodaorszag_ovoda-Logo-4-Color.jpg\",\"contentUrl\":\"https:\/\/bukovoda.hu\/wp-content\/uploads\/2024\/02\/cropped-cropped-Csodaorszag_ovoda-Logo-4-Color.jpg\",\"width\":508,\"height\":239,\"caption\":\"Csodaorsz\u00e1g \u00d3voda, B\u00f6lcs\u0151de \u00e9s K\u00f6z\u00e9tkeztet\u00e9st Ell\u00e1t\u00f3 Int\u00e9zm\u00e9ny\"},\"image\":{\"@id\":\"https:\/\/bukovoda.hu\/#\/schema\/logo\/image\/\"}},{\"@type\":\"Person\",\"@id\":\"https:\/\/bukovoda.hu\/#\/schema\/person\/063eb8a6e2220a58a47ec537d3d8d987\",\"name\":\"admin\",\"image\":{\"@type\":\"ImageObject\",\"inLanguage\":\"hu\",\"@id\":\"https:\/\/bukovoda.hu\/#\/schema\/person\/image\/\",\"url\":\"https:\/\/secure.gravatar.com\/avatar\/7136ebe7fb9d20a1b83ec64b32e87d01?s=96&d=mm&r=g\",\"contentUrl\":\"https:\/\/secure.gravatar.com\/avatar\/7136ebe7fb9d20a1b83ec64b32e87d01?s=96&d=mm&r=g\",\"caption\":\"admin\"},\"sameAs\":[\"https:\/\/bukovoda.hu\"],\"url\":\"https:\/\/bukovoda.hu\/?author=1\"}]}<\/script>\n<!-- \/ Yoast SEO plugin. -->","yoast_head_json":{"title":"H\u00edrek - Csodaorsz\u00e1g \u00d3voda, B\u00f6lcs\u0151de \u00e9s K\u00f6z\u00e9tkeztet\u00e9st Ell\u00e1t\u00f3 Int\u00e9zm\u00e9ny","robots":{"index":"index","follow":"follow","max-snippet":"max-snippet:-1","max-image-preview":"max-image-preview:large","max-video-preview":"max-video-preview:-1"},"canonical":"https:\/\/bukovoda.hu\/?page_id=271","og_locale":"hu_HU","og_type":"article","og_title":"H\u00edrek - Csodaorsz\u00e1g \u00d3voda, B\u00f6lcs\u0151de \u00e9s K\u00f6z\u00e9tkeztet\u00e9st Ell\u00e1t\u00f3 Int\u00e9zm\u00e9ny","og_url":"https:\/\/bukovoda.hu\/?page_id=271","og_site_name":"Csodaorsz\u00e1g \u00d3voda, B\u00f6lcs\u0151de \u00e9s K\u00f6z\u00e9tkeztet\u00e9st Ell\u00e1t\u00f3 Int\u00e9zm\u00e9ny","article_modified_time":"2024-08-01T07:49:00+00:00","og_image":[{"width":2560,"height":898,"url":"https:\/\/bukovoda.hu\/wp-content\/uploads\/2024\/02\/Artboard-1-copy-5-100-scaled.jpg","type":"image\/jpeg"}],"twitter_card":"summary_large_image","twitter_misc":{"Becs\u00fclt olvas\u00e1si id\u0151":"1 perc"},"schema":{"@context":"https:\/\/schema.org","@graph":[{"@type":["Article","BlogPosting"],"@id":"https:\/\/bukovoda.hu\/?page_id=271#article","isPartOf":{"@id":"https:\/\/bukovoda.hu\/?page_id=271"},"author":{"name":"admin","@id":"https:\/\/bukovoda.hu\/#\/schema\/person\/063eb8a6e2220a58a47ec537d3d8d987"},"headline":"H\u00edrek","datePublished":"2024-03-05T14:42:34+00:00","dateModified":"2024-08-01T07:49:00+00:00","mainEntityOfPage":{"@id":"https:\/\/bukovoda.hu\/?page_id=271"},"wordCount":2,"publisher":{"@id":"https:\/\/bukovoda.hu\/#organization"},"inLanguage":"hu"},{"@type":"WebPage","@id":"https:\/\/bukovoda.hu\/?page_id=271","url":"https:\/\/bukovoda.hu\/?page_id=271","name":"H\u00edrek - Csodaorsz\u00e1g \u00d3voda, B\u00f6lcs\u0151de \u00e9s K\u00f6z\u00e9tkeztet\u00e9st Ell\u00e1t\u00f3 Int\u00e9zm\u00e9ny","isPartOf":{"@id":"https:\/\/bukovoda.hu\/#website"},"datePublished":"2024-03-05T14:42:34+00:00","dateModified":"2024-08-01T07:49:00+00:00","breadcrumb":{"@id":"https:\/\/bukovoda.hu\/?page_id=271#breadcrumb"},"inLanguage":"hu","potentialAction":[{"@type":"ReadAction","target":["https:\/\/bukovoda.hu\/?page_id=271"]}]},{"@type":"BreadcrumbList","@id":"https:\/\/bukovoda.hu\/?page_id=271#breadcrumb","itemListElement":[{"@type":"ListItem","position":1,"name":"Kezd\u0151lap","item":"https:\/\/bukovoda.hu\/"},{"@type":"ListItem","position":2,"name":"H\u00edrek"}]},{"@type":"WebSite","@id":"https:\/\/bukovoda.hu\/#website","url":"https:\/\/bukovoda.hu\/","name":"Csodaorsz\u00e1g \u00d3voda, B\u00f6lcs\u0151de \u00e9s K\u00f6z\u00e9tkeztet\u00e9st Ell\u00e1t\u00f3 Int\u00e9zm\u00e9ny","description":"","publisher":{"@id":"https:\/\/bukovoda.hu\/#organization"},"potentialAction":[{"@type":"SearchAction","target":{"@type":"EntryPoint","urlTemplate":"https:\/\/bukovoda.hu\/?s={search_term_string}"},"query-input":"required name=search_term_string"}],"inLanguage":"hu"},{"@type":"Organization","@id":"https:\/\/bukovoda.hu\/#organization","name":"Csodaorsz\u00e1g \u00d3voda, B\u00f6lcs\u0151de \u00e9s K\u00f6z\u00e9tkeztet\u00e9st Ell\u00e1t\u00f3 Int\u00e9zm\u00e9ny","url":"https:\/\/bukovoda.hu\/","logo":{"@type":"ImageObject","inLanguage":"hu","@id":"https:\/\/bukovoda.hu\/#\/schema\/logo\/image\/","url":"https:\/\/bukovoda.hu\/wp-content\/uploads\/2024\/02\/cropped-cropped-Csodaorszag_ovoda-Logo-4-Color.jpg","contentUrl":"https:\/\/bukovoda.hu\/wp-content\/uploads\/2024\/02\/cropped-cropped-Csodaorszag_ovoda-Logo-4-Color.jpg","width":508,"height":239,"caption":"Csodaorsz\u00e1g \u00d3voda, B\u00f6lcs\u0151de \u00e9s K\u00f6z\u00e9tkeztet\u00e9st Ell\u00e1t\u00f3 Int\u00e9zm\u00e9ny"},"image":{"@id":"https:\/\/bukovoda.hu\/#\/schema\/logo\/image\/"}},{"@type":"Person","@id":"https:\/\/bukovoda.hu\/#\/schema\/person\/063eb8a6e2220a58a47ec537d3d8d987","name":"admin","image":{"@type":"ImageObject","inLanguage":"hu","@id":"https:\/\/bukovoda.hu\/#\/schema\/person\/image\/","url":"https:\/\/secure.gravatar.com\/avatar\/7136ebe7fb9d20a1b83ec64b32e87d01?s=96&d=mm&r=g","contentUrl":"https:\/\/secure.gravatar.com\/avatar\/7136ebe7fb9d20a1b83ec64b32e87d01?s=96&d=mm&r=g","caption":"admin"},"sameAs":["https:\/\/bukovoda.hu"],"url":"https:\/\/bukovoda.hu\/?author=1"}]}},"blog_post_layout_featured_media_urls":{"thumbnail":["https:\/\/bukovoda.hu\/wp-content\/uploads\/2024\/02\/Artboard-1-copy-5-100-150x150.jpg",150,150,true],"full":["https:\/\/bukovoda.hu\/wp-content\/uploads\/2024\/02\/Artboard-1-copy-5-100-scaled.jpg",2560,898,false]},"categories_names":null,"comments_number":"0","_links":{"self":[{"href":"https:\/\/bukovoda.hu\/index.php?rest_route=\/wp\/v2\/pages\/271"}],"collection":[{"href":"https:\/\/bukovoda.hu\/index.php?rest_route=\/wp\/v2\/pages"}],"about":[{"href":"https:\/\/bukovoda.hu\/index.php?rest_route=\/wp\/v2\/types\/page"}],"author":[{"embeddable":true,"href":"https:\/\/bukovoda.hu\/index.php?rest_route=\/wp\/v2\/users\/1"}],"replies":[{"embeddable":true,"href":"https:\/\/bukovoda.hu\/index.php?rest_route=%2Fwp%2Fv2%2Fcomments&post=271"}],"version-history":[{"count":15,"href":"https:\/\/bukovoda.hu\/index.php?rest_route=\/wp\/v2\/pages\/271\/revisions"}],"predecessor-version":[{"id":616,"href":"https:\/\/bukovoda.hu\/index.php?rest_route=\/wp\/v2\/pages\/271\/revisions\/616"}],"wp:featuredmedia":[{"embeddable":true,"href":"https:\/\/bukovoda.hu\/index.php?rest_route=\/wp\/v2\/media\/245"}],"wp:attachment":[{"href":"https:\/\/bukovoda.hu\/index.php?rest_route=%2Fwp%2Fv2%2Fmedia&parent=271"}],"curies":[{"name":"wp","href":"https:\/\/api.w.org\/{rel}","templated":true}]}}